{"id":17725,"date":"2021-05-17T13:01:54","date_gmt":"2021-05-17T10:01:54","guid":{"rendered":"https:\/\/www.dayemedikal.com\/?post_type=product&#038;p=17725"},"modified":"2024-11-11T15:58:40","modified_gmt":"2024-11-11T12:58:40","slug":"weinmann-lowenstein-somnovent-cr-adaptif-servo-ventilator-cihazi-asv","status":"publish","type":"product","link":"https:\/\/www.dayemedikal.com\/en\/product\/weinmann-lowenstein-somnovent-cr-adaptif-servo-ventilator-cihazi-asv\/","title":{"rendered":"L\u00f6wenstein (Weinmann) Somnovent CR Adaptif Servo Ventilat\u00f6r Cihaz\u0131 (Asv)"},"content":{"rendered":"<p><strong>Is\u0131t\u0131c\u0131 Nemlendirici \u00d6zellikleri<\/strong><\/p>\n<p>Weinmann (L\u00f6wenstein) grubu cihazlarda iste\u011fe ba\u011fl\u0131 olarak \u0131s\u0131t\u0131c\u0131 nemlendirici aparat\u0131 cihaza monte edilerek kullan\u0131l\u0131r. Cihaz\u0131n men\u00fcs\u00fcnden yap\u0131lan 1-5 aras\u0131nda de\u011fi\u015ftirilebilen \u0131s\u0131tma \u00f6zelli\u011fi, kullan\u0131c\u0131ya gidecek olan so\u011fuk havan\u0131n yumu\u015fat\u0131lmas\u0131n\u0131 sa\u011flayarak rahat bir gece uykusu almas\u0131na yard\u0131mc\u0131 olur. Nemlendirici \u00fcnitesinden cihaz\u0131n i\u00e7ine su ka\u00e7mamas\u0131 i\u00e7in yap\u0131lm\u0131\u015f olan kapak korumas\u0131 ile dikkatli bir \u015fekilde kullan\u0131lmas\u0131 tavsiye edilmektedir.<\/p>","protected":false},"excerpt":{"rendered":"<p>Is\u0131t\u0131c\u0131 Nemlendirici \u00d6zellikleri Weinmann (L\u00f6wenstein) grubu cihazlarda iste\u011fe ba\u011fl\u0131 olarak \u0131s\u0131t\u0131c\u0131 nemlendirici aparat\u0131 cihaza monte edilerek kullan\u0131l\u0131r. Cihaz\u0131n men\u00fcs\u00fcnden yap\u0131lan 1-5 aras\u0131nda de\u011fi\u015ftirilebilen \u0131s\u0131tma \u00f6zelli\u011fi, kullan\u0131c\u0131ya gidecek olan so\u011fuk havan\u0131n yumu\u015fat\u0131lmas\u0131n\u0131 sa\u011flayarak rahat bir gece uykusu almas\u0131na yard\u0131mc\u0131 olur. Nemlendirici \u00fcnitesinden cihaz\u0131n i\u00e7ine su ka\u00e7mamas\u0131 i\u00e7in yap\u0131lm\u0131\u015f olan kapak korumas\u0131 ile dikkatli bir \u015fekilde kullan\u0131lmas\u0131 [&hellip;]<\/p>","protected":false},"featured_media":17726,"template":"","meta":[],"product_cat":[136],"product_tag":[],"class_list":{"0":"post-17725","1":"product","2":"type-product","3":"status-publish","4":"has-post-thumbnail","6":"product_cat-asv","7":"ts_product_brand-lowenstein","9":"first","10":"outofstock","11":"shipping-taxable","12":"product-type-simple"},"_links":{"self":[{"href":"https:\/\/www.dayemedikal.com\/en\/wp-json\/wp\/v2\/product\/17725"}],"collection":[{"href":"https:\/\/www.dayemedikal.com\/en\/wp-json\/wp\/v2\/product"}],"about":[{"href":"https:\/\/www.dayemedikal.com\/en\/wp-json\/wp\/v2\/types\/product"}],"wp:featuredmedia":[{"embeddable":true,"href":"https:\/\/www.dayemedikal.com\/en\/wp-json\/wp\/v2\/media\/17726"}],"wp:attachment":[{"href":"https:\/\/www.dayemedikal.com\/en\/wp-json\/wp\/v2\/media?parent=17725"}],"wp:term":[{"taxonomy":"product_cat","embeddable":true,"href":"https:\/\/www.dayemedikal.com\/en\/wp-json\/wp\/v2\/product_cat?post=17725"},{"taxonomy":"product_tag","embeddable":true,"href":"https:\/\/www.dayemedikal.com\/en\/wp-json\/wp\/v2\/product_tag?post=17725"}],"curies":[{"name":"wp","href":"https:\/\/api.w.org\/{rel}","templated":true}]}}