{"id":17782,"date":"2021-05-20T11:40:51","date_gmt":"2021-05-20T08:40:51","guid":{"rendered":"https:\/\/www.dayemedikal.com\/?post_type=product&#038;p=17782"},"modified":"2024-11-11T16:15:50","modified_gmt":"2024-11-11T13:15:50","slug":"weinmann-lowenstein-joyce-easy-nazal-burun-maske","status":"publish","type":"product","link":"https:\/\/www.dayemedikal.com\/en\/product\/weinmann-lowenstein-joyce-easy-nazal-burun-maske\/","title":{"rendered":"L\u00f6wenstein (Weinmann) Joyce Easy Nazal (Burun) Maske"},"content":{"rendered":"<p>Uyku Apnesi tedavisinde kullan\u0131lan cihazlar\u0131n en \u00f6nemli aksesuar\u0131 maskelerdir. Weinamnn (L\u00f6wenstein) Joyce Easy Nazal (burun) Maskesi, olduk\u00e7a zariftir. Kullan\u0131m\u0131 son derece kolayd\u0131r. Al\u0131n deste\u011finde bulunan yast\u0131k kullan\u0131c\u0131y\u0131 hi\u00e7 rahats\u0131z etmeyece\u011fi i\u00e7in \u00e7ok konforludur. Y\u00fcze yak\u0131nl\u0131\u011f\u0131 ayarlanabilir \u015fekilde \u00fcretilmi\u015ftir. Klipsli oldu\u011fu i\u00e7in tak\u0131p \u00e7\u0131karmas\u0131 \u00e7ok kolayd\u0131r. Hortumun kafa bandaj\u0131na sabitlenebilme \u00f6zelli\u011fini vard\u0131r. Ayr\u0131ca karbondioksit tahliye k\u0131sm\u0131 kapal\u0131 \u015fekilde \u00fcretilmi\u015ftir. B\u00f6ylelikle hava \u00e7\u0131k\u0131\u015f\u0131nda ses duyulmaz.<\/p>\n<p>&#8220;T.C.Sa\u011fl\u0131k Bakanl\u0131\u011f\u0131\u2019n\u0131n Hijyenik \u00dcr\u00fcn Y\u00f6netmeli\u011fi\u2019ne g\u00f6re ay\u0131pl\u0131 \u00fcr\u00fcn olmad\u0131\u011f\u0131 s\u00fcrece hijyenik \u00fcr\u00fcnlerin a\u00e7\u0131ld\u0131ktan sonra iade ve de\u011fi\u015fimi s\u00f6z konusu de\u011fildir.&#8221;<\/p>","protected":false},"excerpt":{"rendered":"<p>Weinamnn (L\u00f6wenstein) Joyce Easy Nazal (burun) Maskesi, olduk\u00e7a zariftir. Kullan\u0131m\u0131 son derece kolayd\u0131r. Al\u0131n deste\u011finde bulunan yast\u0131k kullan\u0131c\u0131y\u0131 hi\u00e7 rahats\u0131z etmeyece\u011fi i\u00e7in \u00e7ok konforludur.<\/p>","protected":false},"featured_media":17783,"template":"","meta":[],"product_cat":[150],"product_tag":[],"class_list":{"0":"post-17782","1":"product","2":"type-product","3":"status-publish","4":"has-post-thumbnail","6":"product_cat-nazal-maske","7":"product_shipping_class-nazalmaskeler","8":"ts_product_brand-lowenstein","10":"first","11":"instock","12":"shipping-taxable","13":"product-type-simple"},"_links":{"self":[{"href":"https:\/\/www.dayemedikal.com\/en\/wp-json\/wp\/v2\/product\/17782"}],"collection":[{"href":"https:\/\/www.dayemedikal.com\/en\/wp-json\/wp\/v2\/product"}],"about":[{"href":"https:\/\/www.dayemedikal.com\/en\/wp-json\/wp\/v2\/types\/product"}],"wp:featuredmedia":[{"embeddable":true,"href":"https:\/\/www.dayemedikal.com\/en\/wp-json\/wp\/v2\/media\/17783"}],"wp:attachment":[{"href":"https:\/\/www.dayemedikal.com\/en\/wp-json\/wp\/v2\/media?parent=17782"}],"wp:term":[{"taxonomy":"product_cat","embeddable":true,"href":"https:\/\/www.dayemedikal.com\/en\/wp-json\/wp\/v2\/product_cat?post=17782"},{"taxonomy":"product_tag","embeddable":true,"href":"https:\/\/www.dayemedikal.com\/en\/wp-json\/wp\/v2\/product_tag?post=17782"}],"curies":[{"name":"wp","href":"https:\/\/api.w.org\/{rel}","templated":true}]}}